{"id":91,"date":"2018-01-16T17:03:28","date_gmt":"2018-01-16T16:03:28","guid":{"rendered":"http:\/\/kriminalforsorgen.gl\/?page_id=91"},"modified":"2022-02-28T10:12:21","modified_gmt":"2022-02-28T13:12:21","slug":"publikationer","status":"publish","type":"page","link":"https:\/\/kriminalforsorgen.gl\/gb\/publikationer\/","title":{"rendered":"Publikationer"},"content":{"rendered":"<p>Nedenfor findes en r\u00e6kke forskellige publikationer af relevans til Kriminalforsorgen.<\/p>\n<p><strong><a href=\"https:\/\/kriminalforsorgen.gl\/wp-content\/uploads\/2021\/12\/Aarsberetning-KiG-2020-final.pdf\" target=\"_blank\" rel=\"noopener\">\u00c5rsberetning KiG 2020<\/a><\/strong><\/p>\n<p><strong><a href=\"http:\/\/kriminalforsorgen.gl\/wp-content\/uploads\/2019\/06\/M\u00e5l-og-resultatplan-for-Kriminalforsorgen-i-Gr\u00f8nland-2019-endelig-version.pdf\">M\u00e5l- og resultatplan 2019<\/a><\/strong><\/p>\n<p><strong><a href=\"http:\/\/kriminalforsorgen.gl\/wp-content\/uploads\/2018\/05\/\u00c5rsberetning-2013.pdf\">\u00c5rsberetning 2013<\/a><\/strong><\/p>\n<hr \/>\n<p><a href=\"https:\/\/www.sebrochure.dk\/Kriminalforsorgen-i-Gronland\/MailView\/\" target=\"_blank\" rel=\"noopener\"><img loading=\"lazy\" decoding=\"async\" class=\"alignnone wp-image-866 size-medium\" src=\"https:\/\/kriminalforsorgen.gl\/wp-content\/uploads\/2022\/02\/Forside-ny-online-pjece-feb-2022-270x300.jpg\" alt=\"\" width=\"270\" height=\"300\" srcset=\"https:\/\/kriminalforsorgen.gl\/wp-content\/uploads\/2022\/02\/Forside-ny-online-pjece-feb-2022-270x300.jpg 270w, https:\/\/kriminalforsorgen.gl\/wp-content\/uploads\/2022\/02\/Forside-ny-online-pjece-feb-2022-768x854.jpg 768w, https:\/\/kriminalforsorgen.gl\/wp-content\/uploads\/2022\/02\/Forside-ny-online-pjece-feb-2022.jpg 900w\" sizes=\"auto, (max-width: 270px) 100vw, 270px\" \/><\/a><\/p>\n<hr \/>\n<p><strong><br \/>\nLove og regler\u00a0\u00a0\u00a0\u00a0\u00a0\u00a0\u00a0\u00a0\u00a0\u00a0\u00a0\u00a0\u00a0\u00a0\u00a0\u00a0\u00a0\u00a0\u00a0 <\/strong><\/p>\n<p>Her kan du hente de vigtigste love og regler, der g\u00e6lder for klienter i Kriminalforsorgen:<\/p>\n<p><strong>Love:<\/strong><\/p>\n<p><strong><a href=\"http:\/\/kriminalforsorgen.gl\/wp-content\/uploads\/2018\/05\/Kriminalloven.pdf\">Kriminalloven<\/a><\/strong><\/p>\n<p><strong><a href=\"http:\/\/kriminalforsorgen.gl\/wp-content\/uploads\/2018\/05\/Retsplejelov-for-Gr\u00f8nland.pdf\"><strong>Retsplejelov for Gr\u00f8nland<\/strong><\/a><\/strong><\/p>\n<p><strong><br \/>\nBekendtg\u00f8relser (pdf):<\/strong><\/p>\n<p><strong><a href=\"http:\/\/kriminalforsorgen.gl\/wp-content\/uploads\/2018\/05\/01.-Bekendtg\u00f8relse-om-iv\u00e6rks\u00e6ttelse-af-anbringelse-i-anstalt.pdf\">01. Bekendtg\u00f8relse om iv\u00e6rks\u00e6ttelse af anbringelse i anstalt<\/a><\/strong><\/p>\n<p><strong><a href=\"http:\/\/kriminalforsorgen.gl\/wp-content\/uploads\/2018\/05\/02.-Bekendg\u00f8relse-om-tilsyn-og-samfundstjeneste.pdf\">02. Bekendg\u00f8relse om tilsyn og samfundstjeneste<\/a><\/strong><\/p>\n<p><strong><a href=\"http:\/\/kriminalforsorgen.gl\/wp-content\/uploads\/2018\/05\/03.-Bekendtg\u00f8relse-om-behandling-af-ans\u00f8gninger-om-uds\u00e6ttelse-med-fuldbyrdelse-af-id\u00f8mt-anstaltsanbringelse.pdf\">03. Bekendtg\u00f8relse om behandling af ans\u00f8gninger om uds\u00e6ttelse med fuldbyrdelse af id\u00f8mt anstaltsanbringelse<\/a><\/strong><\/p>\n<p><strong><a href=\"http:\/\/kriminalforsorgen.gl\/wp-content\/uploads\/2018\/05\/04.-Bekendg\u00f8relse-om-den-administrative-behandling-af-sager-om-ben\u00e5dning.pdf\">04. Bekendg\u00f8relse om den administrative behandling af sager om ben\u00e5dning<\/a><\/strong><\/p>\n<p><strong><a href=\"http:\/\/kriminalforsorgen.gl\/wp-content\/uploads\/2018\/05\/05.-Bekendtg\u00f8relse-om-beregningen-af-foranstaltningstidens-oph\u00f8r.pdf\">05. Bekendtg\u00f8relse om beregningen af foranstaltningstidens oph\u00f8r<\/a><\/strong><\/p>\n<p><strong><a href=\"http:\/\/kriminalforsorgen.gl\/wp-content\/uploads\/2018\/05\/06.-Bekendtg\u00f8relse-om-anbringelse-og-overf\u00f8rsel-af-personer-som-skal-udst\u00e5-dom-til-anbringelse-i-anstalt.pdf\">06. Bekendtg\u00f8relse om anbringelse og overf\u00f8rsel af personer, som skal udst\u00e5 dom til anbringelse i anstalt<\/a><\/strong><\/p>\n<p><strong><a href=\"http:\/\/kriminalforsorgen.gl\/wp-content\/uploads\/2018\/05\/07.-Bekendtg\u00f8relse-om-indsattes-adgang-til-f\u00e6llesskab-m.v.-i-anstalter.pdf\">07. Bekendtg\u00f8relse om indsattes adgang til f\u00e6llesskab m.v. i anstalter<\/a><\/strong><\/p>\n<p><strong><a href=\"http:\/\/kriminalforsorgen.gl\/wp-content\/uploads\/2018\/05\/08.-Bekendtg\u00f8relse-om-gennemf\u00f8relsen-af-medindflydelse-for-indsatte-i-Kriminalforsorgens-institutioner.pdf\">08. Bekendtg\u00f8relse om gennemf\u00f8relsen af medindflydelse for indsatte i Kriminalforsorgens institutioner<\/a><\/strong><\/p>\n<p><strong><a href=\"http:\/\/kriminalforsorgen.gl\/wp-content\/uploads\/2019\/06\/Genstandsbekendtgoerelsen.pdf\">09. Bekendtg\u00f8relse om indsattes adgang til at medtage besidde og r\u00e5de over egne genstande og penge<\/a><\/strong><\/p>\n<p><strong><a href=\"http:\/\/kriminalforsorgen.gl\/wp-content\/uploads\/2018\/05\/10.-Bekendg\u00f8relse-om-arbejde-og-uddannelse-af-indsatte-i-Kriminalforsorgens-institutioner.pdf\">10. Bekendg\u00f8relse om arbejde og uddannelse af indsatte i Kriminalforsorgens institutioner<\/a><\/strong><\/p>\n<p><strong><a href=\"http:\/\/kriminalforsorgen.gl\/wp-content\/uploads\/2018\/05\/11.-Bekendg\u00f8relse-om-udgang-til-indsatte-i-Kriminalforsorgens-institutioner.pdf\">11. Bekendg\u00f8relse om udgang til indsatte i Kriminalforsorgens institutioner<\/a><\/strong><\/p>\n<p><strong><a href=\"http:\/\/kriminalforsorgen.gl\/wp-content\/uploads\/2018\/05\/12.-Bekendtg\u00f8relse-om-adgangen-til-bes\u00f8g-til-indsatte-i-kriminalforsorgens.pdf\">12. Bekendtg\u00f8relse om adgangen til bes\u00f8g til indsatte i kriminalforsorgens<\/a><\/strong><\/p>\n<p><strong><a href=\"http:\/\/kriminalforsorgen.gl\/wp-content\/uploads\/2018\/05\/13.-Bekendtg\u00f8relse-om-adgangen-til-brevveksling-og-telefonering-i-Kriminalforsorgens-institutioner.pdf\">13. Bekendtg\u00f8relse om adgangen til brevveksling og telefonering i Kriminalforsorgens institutioner<\/a><\/strong><\/p>\n<p><strong><a href=\"http:\/\/kriminalforsorgen.gl\/wp-content\/uploads\/2018\/05\/14.-Bekendtg\u00f8relse-om-adgangen-til-kontakt-til-medierne-for-indsatte-i-Kriminalforsorgens-institutioner.pdf\">14. Bekendtg\u00f8relse om adgangen til kontakt til medierne for indsatte i Kriminalforsorgens institutioner<\/a><\/strong><\/p>\n<p><strong><a href=\"http:\/\/kriminalforsorgen.gl\/wp-content\/uploads\/2018\/05\/15.-Bekendtg\u00f8relse-om-unders\u00f8gelse-af-indsattes-person-og-opholdsrum-i-Kriminalforsorgens-institutioner.pdf\">15. Bekendtg\u00f8relse om unders\u00f8gelse af indsattes person og opholdsrum i Kriminalforsorgens institutioner<\/a><\/strong><\/p>\n<p><strong><a href=\"http:\/\/kriminalforsorgen.gl\/wp-content\/uploads\/2018\/05\/16.-Bekendtg\u00f8relse-om-fotografering-og-optagelse-af-fingeraftryk-i-Kriminalforsorgens-institutioner.pdf\">16. Bekendtg\u00f8relse om fotografering og optagelse af fingeraftryk i Kriminalforsorgens institutioner<\/a><\/strong><\/p>\n<p><strong><a href=\"http:\/\/kriminalforsorgen.gl\/wp-content\/uploads\/2019\/06\/Magtanvendelsesbekendtgoerelsen.pdf\">17. Bekendtg\u00f8relse om anvendelse af magt over for indsatte i anstalter<\/a><\/strong><\/p>\n<p><strong><a href=\"http:\/\/kriminalforsorgen.gl\/wp-content\/uploads\/2018\/05\/18.-Bekendtg\u00f8relse-om-anbringelse-i-enrum-i-anstalter.pdf\">18. Bekendtg\u00f8relse om anbringelse i enrum i anstalter<\/a><\/strong><\/p>\n<p><strong><a href=\"http:\/\/kriminalforsorgen.gl\/wp-content\/uploads\/2018\/05\/19.-Bekendtg\u00f8relse-om-anvendelse-af-sikringsmidler-i-anstalter.pdf\">19. Bekendtg\u00f8relse om anvendelse af sikringsmidler i anstalter<\/a><\/strong><\/p>\n<p><strong><a href=\"http:\/\/kriminalforsorgen.gl\/wp-content\/uploads\/2018\/05\/20.-Bekendtg\u00f8relse-om-disciplin\u00e6re-foranstaltninger-og-disciplin\u00e6rsagers.pdf\">20. Bekendtg\u00f8relse om disciplin\u00e6re foranstaltninger og disciplin\u00e6rsagers<\/a><\/strong><\/p>\n<p><strong><a href=\"http:\/\/kriminalforsorgen.gl\/wp-content\/uploads\/2018\/05\/22.-Bekendtg\u00f8relse-om-behandlingen-af-sager-om-modregning-af-erstatningsbel\u00f8b-over-for-indsatte.pdf\">22. Bekendtg\u00f8relse om behandlingen af sager om modregning af erstatningsbel\u00f8b over for indsatte<\/a><\/strong><\/p>\n<p><strong><a href=\"http:\/\/kriminalforsorgen.gl\/wp-content\/uploads\/2018\/05\/24.-Bekendtg\u00f8relse-om-l\u00f8sladelse-af-d\u00f8mte-der-udst\u00e5r-dom-til-anbringelse-i-anstalt-i-en-af-Kriminalforsorgens-institutioner.pdf\">24. Bekendtg\u00f8relse om l\u00f8sladelse af d\u00f8mte, der udst\u00e5r dom til anbringelse i anstalt i en af Kriminalforsorgens institutioner<\/a><\/strong><\/p>\n<p><strong><a href=\"http:\/\/kriminalforsorgen.gl\/wp-content\/uploads\/2018\/05\/25.-Bekendtg\u00f8relse-om-erstatning-og-godtg\u00f8relse-til-indsatte-som-f\u00f8lge-af-ulykkestilf\u00e6lde.pdf\">25. Bekendtg\u00f8relse om erstatning og godtg\u00f8relse til indsatte som f\u00f8lge af ulykkestilf\u00e6lde<\/a><\/strong><\/p>\n<p><strong><a href=\"http:\/\/kriminalforsorgen.gl\/wp-content\/uploads\/2018\/05\/26.-Bekendtg\u00f8relse-om-betaling-for-ophold-i-kriminalforsorgens-institutioner.pdf\">26. Bekendtg\u00f8relse om betaling for ophold i kriminalforsorgens institutioner<\/a><\/strong><\/p>\n<p><strong><a href=\"http:\/\/kriminalforsorgen.gl\/wp-content\/uploads\/2018\/05\/27.-Bekendtg\u00f8relse-om-forvaring-der-fuldbyrdes-i-Gr\u00f8nland.pdf\">27. Bekendtg\u00f8relse om forvaring, der fuldbyrdes i Gr\u00f8nland<\/a><\/strong><\/p>\n<p><strong><a href=\"http:\/\/kriminalforsorgen.gl\/wp-content\/uploads\/2018\/05\/29.-Bekendtg\u00f8relse-om-behandlingen-af-15-17-\u00e5rige-der-anbringes-i.pdf\">29. Bekendtg\u00f8relse om behandlingen af 15-17 \u00e5rige, der anbringes i<\/a><\/strong><\/p>\n<p><strong><a href=\"http:\/\/kriminalforsorgen.gl\/wp-content\/uploads\/2018\/05\/30.-Bekendtg\u00f8relse-om-fuldbyrdelse-af-en-foranstaltning-med-anstaltsanbringelse-i-detention.pdf\">30. Bekendtg\u00f8relse om fuldbyrdelse af en foranstaltning med anstaltsanbringelse i detention<\/a><\/strong><\/p>\n<p><strong><a href=\"http:\/\/kriminalforsorgen.gl\/wp-content\/uploads\/2018\/05\/31.-Bekendtg\u00f8relse-om-tilbageholdte.pdf\">31. Bekendtg\u00f8relse om tilbageholdte<\/a><\/strong><\/p>\n","protected":false},"excerpt":{"rendered":"<p>Nedenfor findes en r\u00e6kke forskellige publikationer af relevans til Kriminalforsorgen. \u00c5rsberetning KiG 2020 M\u00e5l- og resultatplan 2019 \u00c5rsberetning 2013 Love [&hellip;]<\/p>\n","protected":false},"author":1,"featured_media":0,"parent":0,"menu_order":0,"comment_status":"closed","ping_status":"closed","template":"","meta":{"footnotes":""},"class_list":["post-91","page","type-page","status-publish","hentry"],"translation":{"provider":"WPGlobus","version":"3.0.2","language":"gb","enabled_languages":["da","gr","gb"],"languages":{"da":{"title":true,"content":true,"excerpt":false},"gr":{"title":true,"content":true,"excerpt":false},"gb":{"title":false,"content":false,"excerpt":false}}},"_links":{"self":[{"href":"https:\/\/kriminalforsorgen.gl\/gb\/wp-json\/wp\/v2\/pages\/91","targetHints":{"allow":["GET"]}}],"collection":[{"href":"https:\/\/kriminalforsorgen.gl\/gb\/wp-json\/wp\/v2\/pages"}],"about":[{"href":"https:\/\/kriminalforsorgen.gl\/gb\/wp-json\/wp\/v2\/types\/page"}],"author":[{"embeddable":true,"href":"https:\/\/kriminalforsorgen.gl\/gb\/wp-json\/wp\/v2\/users\/1"}],"replies":[{"embeddable":true,"href":"https:\/\/kriminalforsorgen.gl\/gb\/wp-json\/wp\/v2\/comments?post=91"}],"version-history":[{"count":15,"href":"https:\/\/kriminalforsorgen.gl\/gb\/wp-json\/wp\/v2\/pages\/91\/revisions"}],"predecessor-version":[{"id":865,"href":"https:\/\/kriminalforsorgen.gl\/gb\/wp-json\/wp\/v2\/pages\/91\/revisions\/865"}],"wp:attachment":[{"href":"https:\/\/kriminalforsorgen.gl\/gb\/wp-json\/wp\/v2\/media?parent=91"}],"curies":[{"name":"wp","href":"https:\/\/api.w.org\/{rel}","templated":true}]}}